{"id":13287,"date":"2025-07-18T07:48:52","date_gmt":"2025-07-18T06:48:52","guid":{"rendered":"https:\/\/www.taketray.ch\/declaracao-de-exoneracao-de-responsabilidade\/"},"modified":"2025-07-18T07:48:53","modified_gmt":"2025-07-18T06:48:53","slug":"declaracao-de-exoneracao-de-responsabilidade","status":"publish","type":"page","link":"https:\/\/www.taketray.ch\/pt-pt\/declaracao-de-exoneracao-de-responsabilidade\/","title":{"rendered":"Declara\u00e7\u00e3o de exonera\u00e7\u00e3o de responsabilidade"},"content":{"rendered":"<div class=\"fusion-fullwidth fullwidth-box fusion-builder-row-1 fusion-flex-container nonhundred-percent-fullwidth non-hundred-percent-height-scrolling\" style=\"--awb-border-radius-top-left:0px;--awb-border-radius-top-right:0px;--awb-border-radius-bottom-right:0px;--awb-border-radius-bottom-left:0px;--awb-flex-wrap:wrap;\" ><div class=\"fusion-builder-row fusion-row fusion-flex-align-items-flex-start fusion-flex-content-wrap\" style=\"max-width:1216.8px;margin-left: calc(-4% \/ 2 );margin-right: calc(-4% \/ 2 );\"><div class=\"fusion-layout-column fusion_builder_column fusion-builder-column-0 fusion_builder_column_1_1 1_1 fusion-flex-column\" style=\"--awb-bg-size:cover;--awb-width-large:100%;--awb-margin-top-large:0px;--awb-spacing-right-large:1.92%;--awb-margin-bottom-large:0px;--awb-spacing-left-large:1.92%;--awb-width-medium:100%;--awb-spacing-right-medium:1.92%;--awb-spacing-left-medium:1.92%;--awb-width-small:100%;--awb-spacing-right-small:1.92%;--awb-spacing-left-small:1.92%;\"><div class=\"fusion-column-wrapper fusion-flex-justify-content-flex-start fusion-content-layout-column\"><div class=\"fusion-title title fusion-title-1 sep-underline sep-solid fusion-title-text fusion-title-size-one\" style=\"--awb-margin-top-small:0px;--awb-margin-right-small:0px;--awb-margin-bottom-small:20px;--awb-margin-left-small:0px;\"><h1 class=\"fusion-title-heading title-heading-left fusion-responsive-typography-calculated\" style=\"margin:0;--fontSize:56;line-height:1.16;\">Declara\u00e7\u00e3o de exonera\u00e7\u00e3o de responsabilidade<\/h1><\/div><div class=\"fusion-title title fusion-title-2 fusion-sep-none fusion-title-text fusion-title-size-four\" style=\"--awb-margin-top-small:0px;--awb-margin-right-small:0px;--awb-margin-bottom-small:20px;--awb-margin-left-small:0px;\"><h4 class=\"fusion-title-heading title-heading-left fusion-responsive-typography-calculated\" style=\"margin:0;--fontSize:28;--minFontSize:28;line-height:1.29;\">Conte\u00fado da oferta em linha<\/h4><\/div><div class=\"fusion-text fusion-text-1\"><p style=\"text-align: justify;\">A taketray GmbH n\u00e3o se responsabiliza pela atualidade, corre\u00e7\u00e3o, integridade ou qualidade das informa\u00e7\u00f5es disponibilizadas. As reivindica\u00e7\u00f5es de responsabilidade contra a taketray GmbH relacionadas com danos materiais ou imateriais causados pela utiliza\u00e7\u00e3o ou n\u00e3o utiliza\u00e7\u00e3o das informa\u00e7\u00f5es fornecidas ou pela utiliza\u00e7\u00e3o de informa\u00e7\u00f5es incorrectas ou incompletas s\u00e3o fundamentalmente exclu\u00eddas, a menos que haja provas de inten\u00e7\u00e3o deliberada ou neglig\u00eancia grave por parte da taketray GmbH. Todas as ofertas est\u00e3o sujeitas a altera\u00e7\u00f5es e n\u00e3o s\u00e3o vinculativas. A taketray GmbH reserva-se expressamente o direito de alterar, complementar ou eliminar partes das p\u00e1ginas ou a totalidade da oferta sem aviso pr\u00e9vio ou de cessar a publica\u00e7\u00e3o tempor\u00e1ria ou permanentemente.   <\/p>\n<\/div><div class=\"fusion-title title fusion-title-3 fusion-sep-none fusion-title-text fusion-title-size-four\" style=\"--awb-margin-top-small:0px;--awb-margin-right-small:0px;--awb-margin-bottom-small:20px;--awb-margin-left-small:0px;\"><h4 class=\"fusion-title-heading title-heading-left fusion-responsive-typography-calculated\" style=\"margin:0;--fontSize:28;--minFontSize:28;line-height:1.29;\">Refer\u00eancias e liga\u00e7\u00f5es<\/h4><\/div><div class=\"fusion-text fusion-text-2\"><p style=\"text-align: justify;\">No caso de refer\u00eancias diretas ou indirectas a p\u00e1ginas de Internet externas (&#8220;links&#8221;) que se encontrem fora da \u00e1rea de responsabilidade da taketray GmbH, a obriga\u00e7\u00e3o de responsabilidade s\u00f3 entraria em vigor se a taketray GmbH tivesse conhecimento do conte\u00fado e se lhe fosse tecnicamente poss\u00edvel e razo\u00e1vel impedir a utiliza\u00e7\u00e3o no caso de conte\u00fado ilegal. Por isso, a taketray GmbH declara expressamente que as p\u00e1ginas hiperligadas estavam isentas de conte\u00fados ilegais no momento em que as hiperliga\u00e7\u00f5es foram criadas. A taketray GmbH n\u00e3o tem qualquer influ\u00eancia sobre a conce\u00e7\u00e3o e os conte\u00fados actuais e futuros das p\u00e1ginas hiperligadas. Por isso, distancia-se expressamente de todos os conte\u00fados de todas as p\u00e1ginas ligadas que foram alteradas ap\u00f3s a cria\u00e7\u00e3o do link. Esta declara\u00e7\u00e3o aplica-se a todas as liga\u00e7\u00f5es e refer\u00eancias estabelecidas no pr\u00f3prio s\u00edtio Web do autor, bem como a entradas de terceiros em livros de visitas, f\u00f3runs de discuss\u00e3o e listas de correio eletr\u00f3nico criadas pelo autor. A responsabilidade por conte\u00fados ilegais, incorrectos ou incompletos e, em particular, por danos resultantes da utiliza\u00e7\u00e3o ou n\u00e3o utiliza\u00e7\u00e3o de tais informa\u00e7\u00f5es recai exclusivamente sobre o fornecedor da p\u00e1gina a que se faz refer\u00eancia e n\u00e3o sobre a pessoa que apenas remete para a respectiva publica\u00e7\u00e3o atrav\u00e9s de liga\u00e7\u00f5es.     <\/p>\n<\/div><div class=\"fusion-title title fusion-title-4 fusion-sep-none fusion-title-text fusion-title-size-four\" style=\"--awb-margin-top-small:0px;--awb-margin-right-small:0px;--awb-margin-bottom-small:20px;--awb-margin-left-small:0px;\"><h4 class=\"fusion-title-heading title-heading-left fusion-responsive-typography-calculated\" style=\"margin:0;--fontSize:28;--minFontSize:28;line-height:1.29;\">Direito de autor e direito de rotulagem<\/h4><\/div><div class=\"fusion-text fusion-text-3\"><p style=\"text-align: justify;\">A taketray GmbH esfor\u00e7a-se por respeitar os direitos de autor dos gr\u00e1ficos, documentos sonoros, sequ\u00eancias de v\u00eddeo e textos utilizados em todas as publica\u00e7\u00f5es, por utilizar gr\u00e1ficos, documentos sonoros, sequ\u00eancias de v\u00eddeo e textos criados por si ou por utilizar gr\u00e1ficos, documentos sonoros, sequ\u00eancias de v\u00eddeo e textos isentos de licen\u00e7a. Todas as marcas e marcas comerciais mencionadas no s\u00edtio Web e eventualmente protegidas por terceiros est\u00e3o sujeitas, sem restri\u00e7\u00f5es, \u00e0s disposi\u00e7\u00f5es da legisla\u00e7\u00e3o aplic\u00e1vel em mat\u00e9ria de marcas comerciais e aos direitos de propriedade dos respectivos propriet\u00e1rios registados. A simples men\u00e7\u00e3o de uma marca registada n\u00e3o implica que esta n\u00e3o esteja protegida por direitos de terceiros! Os direitos de autor dos objectos publicados criados pela pr\u00f3pria taketray GmbH pertencem exclusivamente ao autor das p\u00e1ginas. A reprodu\u00e7\u00e3o ou utiliza\u00e7\u00e3o de tais gr\u00e1ficos, documentos sonoros, sequ\u00eancias de v\u00eddeo e textos noutras publica\u00e7\u00f5es electr\u00f3nicas ou impressas n\u00e3o \u00e9 permitida sem o consentimento expresso da taketray GmbH.    <\/p>\n<\/div><div class=\"fusion-title title fusion-title-5 fusion-sep-none fusion-title-text fusion-title-size-four\" style=\"--awb-margin-top-small:0px;--awb-margin-right-small:0px;--awb-margin-bottom-small:20px;--awb-margin-left-small:0px;\"><h4 class=\"fusion-title-heading title-heading-left fusion-responsive-typography-calculated\" style=\"margin:0;--fontSize:28;--minFontSize:28;line-height:1.29;\">Prote\u00e7\u00e3o de dados<\/h4><\/div><div class=\"fusion-text fusion-text-4\"><p style=\"text-align: justify;\">Se for dada a oportunidade de introduzir dados pessoais ou comerciais (endere\u00e7os de correio eletr\u00f3nico, nome, endere\u00e7os), a introdu\u00e7\u00e3o destes dados \u00e9 feita voluntariamente. A utiliza\u00e7\u00e3o e o pagamento de todos os servi\u00e7os oferecidos s\u00e3o &#8211; na medida do tecnicamente poss\u00edvel e razo\u00e1vel &#8211; tamb\u00e9m permitidos sem o fornecimento desses dados ou atrav\u00e9s do fornecimento de dados an\u00f3nimos ou de um pseud\u00f3nimo. <\/p>\n<\/div><div class=\"fusion-title title fusion-title-6 fusion-sep-none fusion-title-text fusion-title-size-four\" style=\"--awb-margin-top-small:0px;--awb-margin-right-small:0px;--awb-margin-bottom-small:20px;--awb-margin-left-small:0px;\"><h4 class=\"fusion-title-heading title-heading-left fusion-responsive-typography-calculated\" style=\"margin:0;--fontSize:28;--minFontSize:28;line-height:1.29;\">Pol\u00edtica de privacidade para a utiliza\u00e7\u00e3o do Google Analytics<\/h4><\/div><div class=\"fusion-text fusion-text-5\"><p style=\"text-align: justify;\">Este s\u00edtio Web utiliza o Google Analytics, um servi\u00e7o de an\u00e1lise da Web fornecido pela Google Inc (\u201cGoogle\u201d). O Google Analytics utiliza \u201ccookies\u201d, que s\u00e3o ficheiros de texto colocados no seu computador, para ajudar o s\u00edtio a analisar a forma como os utilizadores utilizam o s\u00edtio. A informa\u00e7\u00e3o gerada pelo cookie sobre a sua utiliza\u00e7\u00e3o deste s\u00edtio Web \u00e9 normalmente transferida para um servidor da Google nos EUA e a\u00ed armazenada. No entanto, se a anonimiza\u00e7\u00e3o do IP estiver activada neste s\u00edtio Web, o seu endere\u00e7o IP ser\u00e1 previamente encurtado pela Google nos Estados-Membros da Uni\u00e3o Europeia ou noutros Estados contratantes do Acordo sobre o Espa\u00e7o Econ\u00f3mico Europeu.    <\/p>\n<p style=\"text-align: justify;\">S\u00f3 em casos excepcionais \u00e9 que o endere\u00e7o IP completo \u00e9 transmitido para um servidor da Google nos EUA e a\u00ed truncado. A Google utilizar\u00e1 estas informa\u00e7\u00f5es para avaliar a sua utiliza\u00e7\u00e3o do s\u00edtio Web, compilar relat\u00f3rios sobre a atividade do s\u00edtio Web para os operadores do mesmo e fornecer outros servi\u00e7os relacionados com a atividade do s\u00edtio Web e a utiliza\u00e7\u00e3o da Internet. A Google pode tamb\u00e9m transferir estas informa\u00e7\u00f5es para terceiros quando tal for exigido por lei ou quando esses terceiros processarem as informa\u00e7\u00f5es em nome da Google. O endere\u00e7o IP transmitido pelo seu navegador como parte do Google Analytics n\u00e3o ser\u00e1 fundido com outros dados da Google.   <\/p>\n<p style=\"text-align: justify;\">O utilizador pode recusar a utiliza\u00e7\u00e3o de cookies selecionando as defini\u00e7\u00f5es apropriadas no seu browser, mas tenha em aten\u00e7\u00e3o que, se o fizer, poder\u00e1 n\u00e3o conseguir utilizar todas as funcionalidades deste Web site. Ao utilizar este Web site, o utilizador autoriza o processamento dos seus dados pela Google da forma e para os fins acima referidos. <\/p>\n<\/div><div class=\"fusion-title title fusion-title-7 fusion-sep-none fusion-title-text fusion-title-size-four\" style=\"--awb-margin-top-small:0px;--awb-margin-right-small:0px;--awb-margin-bottom-small:20px;--awb-margin-left-small:0px;\"><h4 class=\"fusion-title-heading title-heading-left fusion-responsive-typography-calculated\" style=\"margin:0;--fontSize:28;--minFontSize:28;line-height:1.29;\">Utiliza\u00e7\u00e3o do Google reCAPTCHA<\/h4><\/div><div class=\"fusion-text fusion-text-6\"><p>Para proteger o nosso s\u00edtio Web contra spam e utiliza\u00e7\u00e3o indevida, utilizamos o servi\u00e7o Google reCAPTCHA fornecido pela Google LLC (1600 Amphitheatre Parkway, Mountain View, CA 94043, EUA) ou, para os utilizadores na Su\u00ed\u00e7a e na UE: Google Ireland Limited (Gordon House, Barrow Street, Dublin 4, Irlanda).<\/p>\n<p>O reCAPTCHA \u00e9 utilizado para verificar se uma entrada de dados (por exemplo, num formul\u00e1rio de contacto) \u00e9 feita por um ser humano ou automaticamente. Para o efeito, o reCAPTCHA analisa o comportamento do visitante do s\u00edtio Web com base em v\u00e1rias carater\u00edsticas (por exemplo, endere\u00e7o IP, movimentos do rato, dura\u00e7\u00e3o da estadia, s\u00edtios Web anteriormente visitados). Esta an\u00e1lise come\u00e7a automaticamente assim que o s\u00edtio Web \u00e9 visitado. Os dados recolhidos no processo s\u00e3o transmitidos \u00e0 Google.   <\/p>\n<p>O tratamento baseia-se no nosso interesse leg\u00edtimo na seguran\u00e7a do nosso s\u00edtio Web e na prote\u00e7\u00e3o contra a introdu\u00e7\u00e3o autom\u00e1tica de dados (spam).<\/p>\n<p>A Google tamb\u00e9m processa dados nos EUA. A Google est\u00e1 certificada ao abrigo do Quadro de Privacidade de Dados e, por conseguinte, oferece uma prote\u00e7\u00e3o de dados adequada de acordo com a lei su\u00ed\u00e7a de prote\u00e7\u00e3o de dados.&nbsp;Para mais informa\u00e7\u00f5es sobre a prote\u00e7\u00e3o de dados na Google, consulte a pol\u00edtica de privacidade da Google: <a href=\"https:\/\/policies.google.com\/privacy\" target=\"_blank\" rel=\"noopener\">policies.google.com\/privacy<\/a> <\/p>\n<\/div><div class=\"fusion-title title fusion-title-8 fusion-sep-none fusion-title-text fusion-title-size-four\" style=\"--awb-margin-top-small:0px;--awb-margin-right-small:0px;--awb-margin-bottom-small:20px;--awb-margin-left-small:0px;\"><h4 class=\"fusion-title-heading title-heading-left fusion-responsive-typography-calculated\" style=\"margin:0;--fontSize:28;--minFontSize:28;line-height:1.29;\">Validade jur\u00eddica da presente declara\u00e7\u00e3o de exonera\u00e7\u00e3o de responsabilidade<\/h4><\/div><div class=\"fusion-text fusion-text-7\"><p style=\"text-align: justify;\">A presente declara\u00e7\u00e3o de exonera\u00e7\u00e3o de responsabilidade deve ser considerada como parte integrante da publica\u00e7\u00e3o na Internet para a qual foi remetido. Se sec\u00e7\u00f5es ou termos individuais desta declara\u00e7\u00e3o n\u00e3o forem legais ou corretos, o conte\u00fado ou a validade das outras partes n\u00e3o ser\u00e3o influenciados por esse facto. <\/p>\n<\/div><\/div><\/div><\/div><\/div>\n","protected":false},"excerpt":{"rendered":"","protected":false},"author":1,"featured_media":0,"parent":0,"menu_order":0,"comment_status":"closed","ping_status":"closed","template":"","meta":{"_monsterinsights_skip_tracking":false,"_monsterinsights_sitenote_active":false,"_monsterinsights_sitenote_note":"","_monsterinsights_sitenote_category":0,"ngg_post_thumbnail":0,"footnotes":""},"class_list":["post-13287","page","type-page","status-publish","hentry"],"yoast_head":"<!-- This site is optimized with the Yoast SEO plugin v27.4 - https:\/\/yoast.com\/product\/yoast-seo-wordpress\/ -->\n<title>Declara\u00e7\u00e3o de exonera\u00e7\u00e3o de responsabilidade - taketray<\/title>\n<meta name=\"robots\" content=\"index, follow, max-snippet:-1, max-image-preview:large, max-video-preview:-1\" \/>\n<link rel=\"canonical\" href=\"https:\/\/www.taketray.ch\/pt-pt\/declaracao-de-exoneracao-de-responsabilidade\/\" \/>\n<meta property=\"og:locale\" content=\"pt_PT\" \/>\n<meta property=\"og:type\" content=\"article\" \/>\n<meta property=\"og:title\" content=\"Declara\u00e7\u00e3o de exonera\u00e7\u00e3o de responsabilidade - taketray\" \/>\n<meta property=\"og:url\" content=\"https:\/\/www.taketray.ch\/pt-pt\/declaracao-de-exoneracao-de-responsabilidade\/\" \/>\n<meta property=\"og:site_name\" content=\"taketray\" \/>\n<meta property=\"article:modified_time\" content=\"2025-07-18T06:48:53+00:00\" \/>\n<meta name=\"twitter:card\" content=\"summary_large_image\" \/>\n<meta name=\"twitter:label1\" content=\"Tempo estimado de leitura\" \/>\n\t<meta name=\"twitter:data1\" content=\"15 minutos\" \/>\n<script type=\"application\/ld+json\" class=\"yoast-schema-graph\">{\"@context\":\"https:\\\/\\\/schema.org\",\"@graph\":[{\"@type\":\"WebPage\",\"@id\":\"https:\\\/\\\/www.taketray.ch\\\/pt-pt\\\/declaracao-de-exoneracao-de-responsabilidade\\\/\",\"url\":\"https:\\\/\\\/www.taketray.ch\\\/pt-pt\\\/declaracao-de-exoneracao-de-responsabilidade\\\/\",\"name\":\"Declara\u00e7\u00e3o de exonera\u00e7\u00e3o de responsabilidade - taketray\",\"isPartOf\":{\"@id\":\"https:\\\/\\\/www.taketray.ch\\\/pt-pt\\\/#website\"},\"datePublished\":\"2025-07-18T06:48:52+00:00\",\"dateModified\":\"2025-07-18T06:48:53+00:00\",\"breadcrumb\":{\"@id\":\"https:\\\/\\\/www.taketray.ch\\\/pt-pt\\\/declaracao-de-exoneracao-de-responsabilidade\\\/#breadcrumb\"},\"inLanguage\":\"pt-PT\",\"potentialAction\":[{\"@type\":\"ReadAction\",\"target\":[\"https:\\\/\\\/www.taketray.ch\\\/pt-pt\\\/declaracao-de-exoneracao-de-responsabilidade\\\/\"]}]},{\"@type\":\"BreadcrumbList\",\"@id\":\"https:\\\/\\\/www.taketray.ch\\\/pt-pt\\\/declaracao-de-exoneracao-de-responsabilidade\\\/#breadcrumb\",\"itemListElement\":[{\"@type\":\"ListItem\",\"position\":1,\"name\":\"Home\",\"item\":\"https:\\\/\\\/www.taketray.ch\\\/pt-pt\\\/\"},{\"@type\":\"ListItem\",\"position\":2,\"name\":\"Declara\u00e7\u00e3o de exonera\u00e7\u00e3o de responsabilidade\"}]},{\"@type\":\"WebSite\",\"@id\":\"https:\\\/\\\/www.taketray.ch\\\/pt-pt\\\/#website\",\"url\":\"https:\\\/\\\/www.taketray.ch\\\/pt-pt\\\/\",\"name\":\"taketray\",\"description\":\"der portable Aschenbecher\",\"publisher\":{\"@id\":\"https:\\\/\\\/www.taketray.ch\\\/pt-pt\\\/#organization\"},\"potentialAction\":[{\"@type\":\"SearchAction\",\"target\":{\"@type\":\"EntryPoint\",\"urlTemplate\":\"https:\\\/\\\/www.taketray.ch\\\/pt-pt\\\/?s={search_term_string}\"},\"query-input\":{\"@type\":\"PropertyValueSpecification\",\"valueRequired\":true,\"valueName\":\"search_term_string\"}}],\"inLanguage\":\"pt-PT\"},{\"@type\":\"Organization\",\"@id\":\"https:\\\/\\\/www.taketray.ch\\\/pt-pt\\\/#organization\",\"name\":\"taketray GmbH\",\"url\":\"https:\\\/\\\/www.taketray.ch\\\/pt-pt\\\/\",\"logo\":{\"@type\":\"ImageObject\",\"inLanguage\":\"pt-PT\",\"@id\":\"https:\\\/\\\/www.taketray.ch\\\/pt-pt\\\/#\\\/schema\\\/logo\\\/image\\\/\",\"url\":\"https:\\\/\\\/www.taketray.ch\\\/wp-content\\\/uploads\\\/2020\\\/09\\\/logo.gif\",\"contentUrl\":\"https:\\\/\\\/www.taketray.ch\\\/wp-content\\\/uploads\\\/2020\\\/09\\\/logo.gif\",\"width\":200,\"height\":59,\"caption\":\"taketray GmbH\"},\"image\":{\"@id\":\"https:\\\/\\\/www.taketray.ch\\\/pt-pt\\\/#\\\/schema\\\/logo\\\/image\\\/\"}}]}<\/script>\n<!-- \/ Yoast SEO plugin. -->","yoast_head_json":{"title":"Declara\u00e7\u00e3o de exonera\u00e7\u00e3o de responsabilidade - taketray","robots":{"index":"index","follow":"follow","max-snippet":"max-snippet:-1","max-image-preview":"max-image-preview:large","max-video-preview":"max-video-preview:-1"},"canonical":"https:\/\/www.taketray.ch\/pt-pt\/declaracao-de-exoneracao-de-responsabilidade\/","og_locale":"pt_PT","og_type":"article","og_title":"Declara\u00e7\u00e3o de exonera\u00e7\u00e3o de responsabilidade - taketray","og_url":"https:\/\/www.taketray.ch\/pt-pt\/declaracao-de-exoneracao-de-responsabilidade\/","og_site_name":"taketray","article_modified_time":"2025-07-18T06:48:53+00:00","twitter_card":"summary_large_image","twitter_misc":{"Tempo estimado de leitura":"15 minutos"},"schema":{"@context":"https:\/\/schema.org","@graph":[{"@type":"WebPage","@id":"https:\/\/www.taketray.ch\/pt-pt\/declaracao-de-exoneracao-de-responsabilidade\/","url":"https:\/\/www.taketray.ch\/pt-pt\/declaracao-de-exoneracao-de-responsabilidade\/","name":"Declara\u00e7\u00e3o de exonera\u00e7\u00e3o de responsabilidade - taketray","isPartOf":{"@id":"https:\/\/www.taketray.ch\/pt-pt\/#website"},"datePublished":"2025-07-18T06:48:52+00:00","dateModified":"2025-07-18T06:48:53+00:00","breadcrumb":{"@id":"https:\/\/www.taketray.ch\/pt-pt\/declaracao-de-exoneracao-de-responsabilidade\/#breadcrumb"},"inLanguage":"pt-PT","potentialAction":[{"@type":"ReadAction","target":["https:\/\/www.taketray.ch\/pt-pt\/declaracao-de-exoneracao-de-responsabilidade\/"]}]},{"@type":"BreadcrumbList","@id":"https:\/\/www.taketray.ch\/pt-pt\/declaracao-de-exoneracao-de-responsabilidade\/#breadcrumb","itemListElement":[{"@type":"ListItem","position":1,"name":"Home","item":"https:\/\/www.taketray.ch\/pt-pt\/"},{"@type":"ListItem","position":2,"name":"Declara\u00e7\u00e3o de exonera\u00e7\u00e3o de responsabilidade"}]},{"@type":"WebSite","@id":"https:\/\/www.taketray.ch\/pt-pt\/#website","url":"https:\/\/www.taketray.ch\/pt-pt\/","name":"taketray","description":"der portable Aschenbecher","publisher":{"@id":"https:\/\/www.taketray.ch\/pt-pt\/#organization"},"potentialAction":[{"@type":"SearchAction","target":{"@type":"EntryPoint","urlTemplate":"https:\/\/www.taketray.ch\/pt-pt\/?s={search_term_string}"},"query-input":{"@type":"PropertyValueSpecification","valueRequired":true,"valueName":"search_term_string"}}],"inLanguage":"pt-PT"},{"@type":"Organization","@id":"https:\/\/www.taketray.ch\/pt-pt\/#organization","name":"taketray GmbH","url":"https:\/\/www.taketray.ch\/pt-pt\/","logo":{"@type":"ImageObject","inLanguage":"pt-PT","@id":"https:\/\/www.taketray.ch\/pt-pt\/#\/schema\/logo\/image\/","url":"https:\/\/www.taketray.ch\/wp-content\/uploads\/2020\/09\/logo.gif","contentUrl":"https:\/\/www.taketray.ch\/wp-content\/uploads\/2020\/09\/logo.gif","width":200,"height":59,"caption":"taketray GmbH"},"image":{"@id":"https:\/\/www.taketray.ch\/pt-pt\/#\/schema\/logo\/image\/"}}]}},"_links":{"self":[{"href":"https:\/\/www.taketray.ch\/pt-pt\/wp-json\/wp\/v2\/pages\/13287","targetHints":{"allow":["GET"]}}],"collection":[{"href":"https:\/\/www.taketray.ch\/pt-pt\/wp-json\/wp\/v2\/pages"}],"about":[{"href":"https:\/\/www.taketray.ch\/pt-pt\/wp-json\/wp\/v2\/types\/page"}],"author":[{"embeddable":true,"href":"https:\/\/www.taketray.ch\/pt-pt\/wp-json\/wp\/v2\/users\/1"}],"replies":[{"embeddable":true,"href":"https:\/\/www.taketray.ch\/pt-pt\/wp-json\/wp\/v2\/comments?post=13287"}],"version-history":[{"count":2,"href":"https:\/\/www.taketray.ch\/pt-pt\/wp-json\/wp\/v2\/pages\/13287\/revisions"}],"predecessor-version":[{"id":13289,"href":"https:\/\/www.taketray.ch\/pt-pt\/wp-json\/wp\/v2\/pages\/13287\/revisions\/13289"}],"wp:attachment":[{"href":"https:\/\/www.taketray.ch\/pt-pt\/wp-json\/wp\/v2\/media?parent=13287"}],"curies":[{"name":"wp","href":"https:\/\/api.w.org\/{rel}","templated":true}]}}